{"id":345,"date":"2022-04-27T20:59:14","date_gmt":"2022-04-27T20:59:14","guid":{"rendered":"https:\/\/interior.oceanwp.org\/?page_id=345"},"modified":"2026-02-05T08:37:19","modified_gmt":"2026-02-05T08:37:19","slug":"chi-siamo","status":"publish","type":"page","link":"https:\/\/fmtarredamenti.it\/index.php\/chi-siamo\/","title":{"rendered":"Chi Siamo"},"content":{"rendered":"\t\t<div data-elementor-type=\"wp-page\" data-elementor-id=\"345\" class=\"elementor elementor-345\">\n\t\t\t\t\t\t<section class=\"elementor-section elementor-top-section elementor-element elementor-element-be6d343 elementor-section-boxed elementor-section-height-default elementor-section-height-default\" data-id=\"be6d343\" data-element_type=\"section\" data-e-type=\"section\" data-settings=\"{&quot;background_background&quot;:&quot;classic&quot;}\">\n\t\t\t\t\t\t<div class=\"elementor-container elementor-column-gap-default\">\n\t\t\t\t\t<div class=\"elementor-column elementor-col-100 elementor-top-column elementor-element elementor-element-7c316c8\" data-id=\"7c316c8\" data-element_type=\"column\" data-e-type=\"column\">\n\t\t\t<div class=\"elementor-widget-wrap elementor-element-populated\">\n\t\t\t\t\t\t<div class=\"elementor-element elementor-element-b58f80e oew-divider-center elementor-widget elementor-widget-oew-divider\" data-id=\"b58f80e\" data-element_type=\"widget\" data-e-type=\"widget\" data-widget_type=\"oew-divider.default\">\n\t\t\t\t<div class=\"elementor-widget-container\">\n\t\t\t\t\t\n\t\t<div class=\"oew-divider-wrap\">\n\t\t\t<div class=\"oew-divider oew-divider-before\"><\/div>\n\t\t\t<div class=\"oew-divider-middle\">\n\t\t\t\t\t\t\t\t\t<span class=\"oew-divider-text\">\n\t\t\t\t\t\tChi siamo\t\t\t\t\t<\/span>\n\t\t\t\t\t\t\t\t<\/div>\n\t\t\t<div class=\"oew-divider oew-divider-after\"><\/div>\n\t\t<\/div>\n\n\t\t\t\t\t\t<\/div>\n\t\t\t\t<\/div>\n\t\t\t\t\t<\/div>\n\t\t<\/div>\n\t\t\t\t\t<\/div>\n\t\t<\/section>\n\t\t\t\t<section class=\"elementor-section elementor-top-section elementor-element elementor-element-4966fec elementor-section-content-middle elementor-section-boxed elementor-section-height-default elementor-section-height-default\" data-id=\"4966fec\" data-element_type=\"section\" data-e-type=\"section\">\n\t\t\t\t\t\t<div class=\"elementor-container elementor-column-gap-default\">\n\t\t\t\t\t<div class=\"elementor-column elementor-col-100 elementor-top-column elementor-element elementor-element-82706d3\" data-id=\"82706d3\" data-element_type=\"column\" data-e-type=\"column\">\n\t\t\t<div class=\"elementor-widget-wrap elementor-element-populated\">\n\t\t\t\t\t\t<div class=\"elementor-element elementor-element-bf2dc82 elementor-widget__width-auto elementor-widget-divider--view-line elementor-widget elementor-widget-divider\" data-id=\"bf2dc82\" data-element_type=\"widget\" data-e-type=\"widget\" data-widget_type=\"divider.default\">\n\t\t\t\t\t\t\t<div class=\"elementor-divider\">\n\t\t\t<span class=\"elementor-divider-separator\">\n\t\t\t\t\t\t<\/span>\n\t\t<\/div>\n\t\t\t\t\t\t<\/div>\n\t\t\t\t<div class=\"elementor-element elementor-element-2fe4c29 elementor-widget__width-auto elementor-widget elementor-widget-heading\" data-id=\"2fe4c29\" data-element_type=\"widget\" data-e-type=\"widget\" data-widget_type=\"heading.default\">\n\t\t\t\t\t<h2 class=\"elementor-heading-title elementor-size-default\">Chi siamo<\/h2>\t\t\t\t<\/div>\n\t\t\t\t<div class=\"elementor-element elementor-element-f4ae76c elementor-widget elementor-widget-heading\" data-id=\"f4ae76c\" data-element_type=\"widget\" data-e-type=\"widget\" data-widget_type=\"heading.default\">\n\t\t\t\t\t<h3 class=\"elementor-heading-title elementor-size-default\">Artigiani del su misura<\/h3>\t\t\t\t<\/div>\n\t\t\t\t<div class=\"elementor-element elementor-element-e67e108 elementor-widget elementor-widget-text-editor\" data-id=\"e67e108\" data-element_type=\"widget\" data-e-type=\"widget\" data-widget_type=\"text-editor.default\">\n\t\t\t\t\t\t\t\t\t<p data-start=\"1816\" data-end=\"1964\">Da oltre vent\u2019anni <strong data-start=\"1835\" data-end=\"1854\">FMT Arredamenti<\/strong> realizza arredamenti artigianali su misura, unendo <strong data-start=\"1906\" data-end=\"1963\">tradizione, esperienza e progettazione personalizzata<\/strong>.<\/p><p data-start=\"1966\" data-end=\"2069\">Ogni progetto nasce dall\u2019ascolto: dei tuoi spazi, delle tue esigenze, del tuo modo di vivere la casa.<\/p><p data-start=\"2071\" data-end=\"2269\">Lavoriamo <strong data-start=\"2081\" data-end=\"2123\">legno massello e materiali selezionati<\/strong>, abbinandoli con cura per creare arredi solidi, funzionali e senza tempo.<br data-start=\"2197\" data-end=\"2200\" \/>Per noi, arredare significa <strong data-start=\"2228\" data-end=\"2268\">costruire ambienti che ti somigliano<\/strong>.<\/p>\t\t\t\t\t\t\t\t<\/div>\n\t\t\t\t\t<\/div>\n\t\t<\/div>\n\t\t\t\t\t<\/div>\n\t\t<\/section>\n\t\t\t\t<section class=\"elementor-section elementor-top-section elementor-element elementor-element-0a90ffb elementor-section-content-middle elementor-section-height-min-height elementor-section-boxed elementor-section-height-default elementor-section-items-middle\" data-id=\"0a90ffb\" data-element_type=\"section\" data-e-type=\"section\" data-settings=\"{&quot;background_background&quot;:&quot;classic&quot;}\">\n\t\t\t\t\t\t\t<div class=\"elementor-background-overlay\"><\/div>\n\t\t\t\t\t\t\t<div class=\"elementor-container elementor-column-gap-default\">\n\t\t\t\t\t<div class=\"elementor-column elementor-col-50 elementor-top-column elementor-element elementor-element-edac45d\" data-id=\"edac45d\" data-element_type=\"column\" data-e-type=\"column\">\n\t\t\t<div class=\"elementor-widget-wrap elementor-element-populated\">\n\t\t\t\t\t\t<div class=\"elementor-element elementor-element-a85fde9 elementor-widget elementor-widget-heading\" data-id=\"a85fde9\" data-element_type=\"widget\" data-e-type=\"widget\" data-widget_type=\"heading.default\">\n\t\t\t\t\t<p class=\"elementor-heading-title elementor-size-default\">25<\/p>\t\t\t\t<\/div>\n\t\t\t\t\t<\/div>\n\t\t<\/div>\n\t\t\t\t<div class=\"elementor-column elementor-col-50 elementor-top-column elementor-element elementor-element-efd99d5\" data-id=\"efd99d5\" data-element_type=\"column\" data-e-type=\"column\">\n\t\t\t<div class=\"elementor-widget-wrap elementor-element-populated\">\n\t\t\t\t\t\t<div class=\"elementor-element elementor-element-09202c9 elementor-widget elementor-widget-heading\" data-id=\"09202c9\" data-element_type=\"widget\" data-e-type=\"widget\" data-widget_type=\"heading.default\">\n\t\t\t\t\t<h2 class=\"elementor-heading-title elementor-size-default\">anni di esperienza<\/h2>\t\t\t\t<\/div>\n\t\t\t\t<div class=\"elementor-element elementor-element-1b2cd9a elementor-widget elementor-widget-heading\" data-id=\"1b2cd9a\" data-element_type=\"widget\" data-e-type=\"widget\" data-widget_type=\"heading.default\">\n\t\t\t\t\t<p class=\"elementor-heading-title elementor-size-default\">Un quarto di secolo di falegnameria artigianale<\/p>\t\t\t\t<\/div>\n\t\t\t\t\t<\/div>\n\t\t<\/div>\n\t\t\t\t\t<\/div>\n\t\t<\/section>\n\t\t\t\t<section class=\"elementor-section elementor-top-section elementor-element elementor-element-57cf68c elementor-section-content-middle elementor-section-boxed elementor-section-height-default elementor-section-height-default\" data-id=\"57cf68c\" data-element_type=\"section\" data-e-type=\"section\">\n\t\t\t\t\t\t<div class=\"elementor-container elementor-column-gap-default\">\n\t\t\t\t\t<div class=\"elementor-column elementor-col-100 elementor-top-column elementor-element elementor-element-7413d38\" data-id=\"7413d38\" data-element_type=\"column\" data-e-type=\"column\">\n\t\t\t<div class=\"elementor-widget-wrap elementor-element-populated\">\n\t\t\t\t\t\t<div class=\"elementor-element elementor-element-6862a0e elementor-widget elementor-widget-heading\" data-id=\"6862a0e\" data-element_type=\"widget\" data-e-type=\"widget\" data-widget_type=\"heading.default\">\n\t\t\t\t\t<h2 class=\"elementor-heading-title elementor-size-default\">Ci\u00f2 che ci contraddistingue<\/h2>\t\t\t\t<\/div>\n\t\t\t\t<section class=\"elementor-section elementor-inner-section elementor-element elementor-element-0020e65 elementor-section-boxed elementor-section-height-default elementor-section-height-default\" data-id=\"0020e65\" data-element_type=\"section\" data-e-type=\"section\">\n\t\t\t\t\t\t<div class=\"elementor-container elementor-column-gap-default\">\n\t\t\t\t\t<div class=\"elementor-column elementor-col-33 elementor-inner-column elementor-element elementor-element-b02febd elementor-sm-100\" data-id=\"b02febd\" data-element_type=\"column\" data-e-type=\"column\">\n\t\t\t<div class=\"elementor-widget-wrap elementor-element-populated\">\n\t\t\t\t\t\t<div class=\"elementor-element elementor-element-8d3a827 oew-info-box-left elementor-widget elementor-widget-oew-info-box\" data-id=\"8d3a827\" data-element_type=\"widget\" data-e-type=\"widget\" data-settings=\"{&quot;position&quot;:&quot;left&quot;}\" data-widget_type=\"oew-info-box.default\">\n\t\t\t\t<div class=\"elementor-widget-container\">\n\t\t\t\t\t\n\t\t<div class=\"oew-info-box-wrap\">\n\t\t\t<div class=\"oew-info-box\">\n\n\t\t\t\t\t\t\t\t\t<div class=\"oew-info-box-icon-wrap\">\n\t\t\t\t\t\t<span class=\"oew-info-box-icon\">\n\t\t\t\t\t\t\t\t\t\t\t\t\t\t\t<span class=\"oew-icon-text\">\n\t\t\t\t\t\t\t\t\t01\t\t\t\t\t\t\t\t<\/span>\n\t\t\t\t\t\t\t\t\t\t\t\t\t\t<\/span>\n\t\t\t\t\t<\/div>\n\t\t\t\t\t\n\t\t\t\t<div class=\"oew-info-box-content\">\n\t\t\t\t\t\t\t\t\t\t\t<h2 class=\"oew-info-box-title\">\n\t\t\t\t\t\t\tArtigianalit\u00e0 autentica\t\t\t\t\t\t<\/h2>\n\t\t\t\t\t\t\n\t\t\t\t\t\n\t\t\t\t\t\t\t\t\t\t\t<div class=\"oew-info-box-description\">\n\t\t\t\t\t\t\tOgni arredo viene realizzato internamente, seguendo lavorazioni artigianali curate in ogni fase.<br \/>\nNulla \u00e8 standard, nulla \u00e8 replicato: ogni pezzo \u00e8 unico.\t\t\t\t\t\t<\/div>\n\t\t\t\t\t\t\n\t\t\t\t\t\t\t\t\t<\/div>\n\n\t\t\t<\/div>\n\t\t<\/div>\n\n\t\t\t\t\t\t<\/div>\n\t\t\t\t<\/div>\n\t\t\t\t<div class=\"elementor-element elementor-element-5c14281 elementor-hidden-tablet elementor-hidden-phone elementor-widget elementor-widget-spacer\" data-id=\"5c14281\" data-element_type=\"widget\" data-e-type=\"widget\" data-widget_type=\"spacer.default\">\n\t\t\t\t\t\t\t<div class=\"elementor-spacer\">\n\t\t\t<div class=\"elementor-spacer-inner\"><\/div>\n\t\t<\/div>\n\t\t\t\t\t\t<\/div>\n\t\t\t\t\t<\/div>\n\t\t<\/div>\n\t\t\t\t<div class=\"elementor-column elementor-col-33 elementor-inner-column elementor-element elementor-element-a4ddb70 elementor-sm-100\" data-id=\"a4ddb70\" data-element_type=\"column\" data-e-type=\"column\">\n\t\t\t<div class=\"elementor-widget-wrap elementor-element-populated\">\n\t\t\t\t\t\t<div class=\"elementor-element elementor-element-74b3c5b oew-info-box-left elementor-widget elementor-widget-oew-info-box\" data-id=\"74b3c5b\" data-element_type=\"widget\" data-e-type=\"widget\" data-settings=\"{&quot;position&quot;:&quot;left&quot;}\" data-widget_type=\"oew-info-box.default\">\n\t\t\t\t<div class=\"elementor-widget-container\">\n\t\t\t\t\t\n\t\t<div class=\"oew-info-box-wrap\">\n\t\t\t<div class=\"oew-info-box\">\n\n\t\t\t\t\t\t\t\t\t<div class=\"oew-info-box-icon-wrap\">\n\t\t\t\t\t\t<span class=\"oew-info-box-icon\">\n\t\t\t\t\t\t\t\t\t\t\t\t\t\t\t<span class=\"oew-icon-text\">\n\t\t\t\t\t\t\t\t\t03\t\t\t\t\t\t\t\t<\/span>\n\t\t\t\t\t\t\t\t\t\t\t\t\t\t<\/span>\n\t\t\t\t\t<\/div>\n\t\t\t\t\t\n\t\t\t\t<div class=\"oew-info-box-content\">\n\t\t\t\t\t\t\t\t\t\t\t<h2 class=\"oew-info-box-title\">\n\t\t\t\t\t\t\tProgettazione su misura reale\t\t\t\t\t\t<\/h2>\n\t\t\t\t\t\t\n\t\t\t\t\t\n\t\t\t\t\t\t\t\t\t\t\t<div class=\"oew-info-box-description\">\n\t\t\t\t\t\t\tNon adattiamo mobili esistenti: progettiamo da zero.<br \/>\nOgni centimetro viene studiato per valorizzare lo spazio, migliorare la funzionalit\u00e0 e rispettare il tuo stile.\t\t\t\t\t\t<\/div>\n\t\t\t\t\t\t\n\t\t\t\t\t\t\t\t\t<\/div>\n\n\t\t\t<\/div>\n\t\t<\/div>\n\n\t\t\t\t\t\t<\/div>\n\t\t\t\t<\/div>\n\t\t\t\t<div class=\"elementor-element elementor-element-5117a24 elementor-hidden-tablet elementor-hidden-phone elementor-widget elementor-widget-spacer\" data-id=\"5117a24\" data-element_type=\"widget\" data-e-type=\"widget\" data-widget_type=\"spacer.default\">\n\t\t\t\t\t\t\t<div class=\"elementor-spacer\">\n\t\t\t<div class=\"elementor-spacer-inner\"><\/div>\n\t\t<\/div>\n\t\t\t\t\t\t<\/div>\n\t\t\t\t\t<\/div>\n\t\t<\/div>\n\t\t\t\t<div class=\"elementor-column elementor-col-33 elementor-inner-column elementor-element elementor-element-9ac9b23 elementor-sm-100\" data-id=\"9ac9b23\" data-element_type=\"column\" data-e-type=\"column\">\n\t\t\t<div class=\"elementor-widget-wrap elementor-element-populated\">\n\t\t\t\t\t\t<div class=\"elementor-element elementor-element-50b7442 oew-info-box-left elementor-widget elementor-widget-oew-info-box\" data-id=\"50b7442\" data-element_type=\"widget\" data-e-type=\"widget\" data-settings=\"{&quot;position&quot;:&quot;left&quot;}\" data-widget_type=\"oew-info-box.default\">\n\t\t\t\t<div class=\"elementor-widget-container\">\n\t\t\t\t\t\n\t\t<div class=\"oew-info-box-wrap\">\n\t\t\t<div class=\"oew-info-box\">\n\n\t\t\t\t\t\t\t\t\t<div class=\"oew-info-box-icon-wrap\">\n\t\t\t\t\t\t<span class=\"oew-info-box-icon\">\n\t\t\t\t\t\t\t\t\t\t\t\t\t\t\t<span class=\"oew-icon-text\">\n\t\t\t\t\t\t\t\t\t04\t\t\t\t\t\t\t\t<\/span>\n\t\t\t\t\t\t\t\t\t\t\t\t\t\t<\/span>\n\t\t\t\t\t<\/div>\n\t\t\t\t\t\n\t\t\t\t<div class=\"oew-info-box-content\">\n\t\t\t\t\t\t\t\t\t\t\t<h2 class=\"oew-info-box-title\">\n\t\t\t\t\t\t\tCura dei dettagli\t\t\t\t\t\t<\/h2>\n\t\t\t\t\t\t\n\t\t\t\t\t\n\t\t\t\t\t\t\t\t\t\t\t<div class=\"oew-info-box-description\">\n\t\t\t\t\t\t\tSono i particolari a fare la differenza: venature del legno, finiture, incastri, proporzioni.<br \/>\nDettagli che rendono un arredo riconoscibile, personale, duraturo.\t\t\t\t\t\t<\/div>\n\t\t\t\t\t\t\n\t\t\t\t\t\t\t\t\t<\/div>\n\n\t\t\t<\/div>\n\t\t<\/div>\n\n\t\t\t\t\t\t<\/div>\n\t\t\t\t<\/div>\n\t\t\t\t<div class=\"elementor-element elementor-element-4252b19 elementor-hidden-tablet elementor-hidden-phone elementor-widget elementor-widget-spacer\" data-id=\"4252b19\" data-element_type=\"widget\" data-e-type=\"widget\" data-widget_type=\"spacer.default\">\n\t\t\t\t\t\t\t<div class=\"elementor-spacer\">\n\t\t\t<div class=\"elementor-spacer-inner\"><\/div>\n\t\t<\/div>\n\t\t\t\t\t\t<\/div>\n\t\t\t\t\t<\/div>\n\t\t<\/div>\n\t\t\t\t\t<\/div>\n\t\t<\/section>\n\t\t\t\t\t<\/div>\n\t\t<\/div>\n\t\t\t\t\t<\/div>\n\t\t<\/section>\n\t\t<div class=\"elementor-element elementor-element-b99c7d5 e-con-full e-flex e-con e-parent\" data-id=\"b99c7d5\" data-element_type=\"container\" data-e-type=\"container\">\n\t\t\t\t<div class=\"elementor-element elementor-element-dd5a415 elementor-widget elementor-widget-oew-image-gallery\" data-id=\"dd5a415\" data-element_type=\"widget\" data-e-type=\"widget\" data-widget_type=\"oew-image-gallery.default\">\n\t\t\t\t<div class=\"elementor-widget-container\">\n\t\t\t\t\t\n\t\t<div class=\"oew-image-gallery oew-has-lightbox\">\n\t\t\t\n\t\t\t\t<div class=\"oew-gallery-item\">\n\t\t\t\t\t<a class=\"oew-gallery-item-inner no-lightbox\" href=\"https:\/\/fmtarredamenti.it\/wp-content\/uploads\/2026\/02\/FMT-Arredamenti-staff1.jpg\" data-width=\"800\" data-height=\"600\" data-elementor-open-lightbox=\"no\">\n\t\t\t\t\t\t<div class=\"oew-gallery-thumbnail\">\n\t\t\t\t\t\t\t<img decoding=\"async\" src=\"https:\/\/fmtarredamenti.it\/wp-content\/uploads\/2026\/02\/FMT-Arredamenti-staff1-768x576.jpg\" alt=\"FMT Arredamenti staff1\">\n\t\t\t\t\t\t<\/div>\n\n\t\t\t\t\t\t\t\t\t\t\t\t\t<div class=\"oew-gallery-overlay oew-gallery-transition-fade\">\n\t\t\t\t\t\t\t\t\t\t\t\t\t\t\t\t\t<div class=\"oew-gallery-item-icon\">\n\t\t\t\t\t\t\t\t\t\t<i aria-hidden=\"true\" class=\"fas fa-search\"><\/i>\t\t\t\t\t\t\t\t\t<\/div>\n\t\t\t\t\t\t\t\t\t\t\t\t\t\t\t\t<\/div>\n\t\t\t\t\t\t\t\t\t\t\t\t<\/a>\n\t\t\t\t<\/div>\n\n\t\t\t\t\n\t\t\t\t<div class=\"oew-gallery-item\">\n\t\t\t\t\t<a class=\"oew-gallery-item-inner no-lightbox\" href=\"https:\/\/fmtarredamenti.it\/wp-content\/uploads\/2026\/02\/FMT-Arredamenti-staff4.jpg\" data-width=\"800\" data-height=\"600\" data-elementor-open-lightbox=\"no\">\n\t\t\t\t\t\t<div class=\"oew-gallery-thumbnail\">\n\t\t\t\t\t\t\t<img decoding=\"async\" src=\"https:\/\/fmtarredamenti.it\/wp-content\/uploads\/2026\/02\/FMT-Arredamenti-staff4-768x576.jpg\" alt=\"FMT Arredamenti staff4\">\n\t\t\t\t\t\t<\/div>\n\n\t\t\t\t\t\t\t\t\t\t\t\t\t<div class=\"oew-gallery-overlay oew-gallery-transition-fade\">\n\t\t\t\t\t\t\t\t\t\t\t\t\t\t\t\t\t<div class=\"oew-gallery-item-icon\">\n\t\t\t\t\t\t\t\t\t\t<i aria-hidden=\"true\" class=\"fas fa-search\"><\/i>\t\t\t\t\t\t\t\t\t<\/div>\n\t\t\t\t\t\t\t\t\t\t\t\t\t\t\t\t<\/div>\n\t\t\t\t\t\t\t\t\t\t\t\t<\/a>\n\t\t\t\t<\/div>\n\n\t\t\t\t\n\t\t\t\t<div class=\"oew-gallery-item\">\n\t\t\t\t\t<a class=\"oew-gallery-item-inner no-lightbox\" href=\"https:\/\/fmtarredamenti.it\/wp-content\/uploads\/2026\/02\/FMT-Arredamenti-staff2.jpg\" data-width=\"800\" data-height=\"600\" data-elementor-open-lightbox=\"no\">\n\t\t\t\t\t\t<div class=\"oew-gallery-thumbnail\">\n\t\t\t\t\t\t\t<img decoding=\"async\" src=\"https:\/\/fmtarredamenti.it\/wp-content\/uploads\/2026\/02\/FMT-Arredamenti-staff2-768x576.jpg\" alt=\"FMT Arredamenti staff2\">\n\t\t\t\t\t\t<\/div>\n\n\t\t\t\t\t\t\t\t\t\t\t\t\t<div class=\"oew-gallery-overlay oew-gallery-transition-fade\">\n\t\t\t\t\t\t\t\t\t\t\t\t\t\t\t\t\t<div class=\"oew-gallery-item-icon\">\n\t\t\t\t\t\t\t\t\t\t<i aria-hidden=\"true\" class=\"fas fa-search\"><\/i>\t\t\t\t\t\t\t\t\t<\/div>\n\t\t\t\t\t\t\t\t\t\t\t\t\t\t\t\t<\/div>\n\t\t\t\t\t\t\t\t\t\t\t\t<\/a>\n\t\t\t\t<\/div>\n\n\t\t\t\t\n\t\t\t\t<div class=\"oew-gallery-item\">\n\t\t\t\t\t<a class=\"oew-gallery-item-inner no-lightbox\" href=\"https:\/\/fmtarredamenti.it\/wp-content\/uploads\/2026\/02\/FMT-Arredamenti-staff7.jpg\" data-width=\"800\" data-height=\"600\" data-elementor-open-lightbox=\"no\">\n\t\t\t\t\t\t<div class=\"oew-gallery-thumbnail\">\n\t\t\t\t\t\t\t<img decoding=\"async\" src=\"https:\/\/fmtarredamenti.it\/wp-content\/uploads\/2026\/02\/FMT-Arredamenti-staff7-768x576.jpg\" alt=\"FMT Arredamenti staff7\">\n\t\t\t\t\t\t<\/div>\n\n\t\t\t\t\t\t\t\t\t\t\t\t\t<div class=\"oew-gallery-overlay oew-gallery-transition-fade\">\n\t\t\t\t\t\t\t\t\t\t\t\t\t\t\t\t\t<div class=\"oew-gallery-item-icon\">\n\t\t\t\t\t\t\t\t\t\t<i aria-hidden=\"true\" class=\"fas fa-search\"><\/i>\t\t\t\t\t\t\t\t\t<\/div>\n\t\t\t\t\t\t\t\t\t\t\t\t\t\t\t\t<\/div>\n\t\t\t\t\t\t\t\t\t\t\t\t<\/a>\n\t\t\t\t<\/div>\n\n\t\t\t\t\n\t\t\t\t<div class=\"oew-gallery-item\">\n\t\t\t\t\t<a class=\"oew-gallery-item-inner no-lightbox\" href=\"https:\/\/fmtarredamenti.it\/wp-content\/uploads\/2026\/02\/FMT-Arredamenti-staff3.jpg\" data-width=\"800\" data-height=\"600\" data-elementor-open-lightbox=\"no\">\n\t\t\t\t\t\t<div class=\"oew-gallery-thumbnail\">\n\t\t\t\t\t\t\t<img decoding=\"async\" src=\"https:\/\/fmtarredamenti.it\/wp-content\/uploads\/2026\/02\/FMT-Arredamenti-staff3-768x576.jpg\" alt=\"FMT Arredamenti staff3\">\n\t\t\t\t\t\t<\/div>\n\n\t\t\t\t\t\t\t\t\t\t\t\t\t<div class=\"oew-gallery-overlay oew-gallery-transition-fade\">\n\t\t\t\t\t\t\t\t\t\t\t\t\t\t\t\t\t<div class=\"oew-gallery-item-icon\">\n\t\t\t\t\t\t\t\t\t\t<i aria-hidden=\"true\" class=\"fas fa-search\"><\/i>\t\t\t\t\t\t\t\t\t<\/div>\n\t\t\t\t\t\t\t\t\t\t\t\t\t\t\t\t<\/div>\n\t\t\t\t\t\t\t\t\t\t\t\t<\/a>\n\t\t\t\t<\/div>\n\n\t\t\t\t\n\t\t\t\t<div class=\"oew-gallery-item\">\n\t\t\t\t\t<a class=\"oew-gallery-item-inner no-lightbox\" href=\"https:\/\/fmtarredamenti.it\/wp-content\/uploads\/2026\/02\/FMT-Arredamenti-staff9.jpg\" data-width=\"800\" data-height=\"600\" data-elementor-open-lightbox=\"no\">\n\t\t\t\t\t\t<div class=\"oew-gallery-thumbnail\">\n\t\t\t\t\t\t\t<img decoding=\"async\" src=\"https:\/\/fmtarredamenti.it\/wp-content\/uploads\/2026\/02\/FMT-Arredamenti-staff9-768x576.jpg\" alt=\"FMT Arredamenti staff9\">\n\t\t\t\t\t\t<\/div>\n\n\t\t\t\t\t\t\t\t\t\t\t\t\t<div class=\"oew-gallery-overlay oew-gallery-transition-fade\">\n\t\t\t\t\t\t\t\t\t\t\t\t\t\t\t\t\t<div class=\"oew-gallery-item-icon\">\n\t\t\t\t\t\t\t\t\t\t<i aria-hidden=\"true\" class=\"fas fa-search\"><\/i>\t\t\t\t\t\t\t\t\t<\/div>\n\t\t\t\t\t\t\t\t\t\t\t\t\t\t\t\t<\/div>\n\t\t\t\t\t\t\t\t\t\t\t\t<\/a>\n\t\t\t\t<\/div>\n\n\t\t\t\t\n\t\t\t\t<div class=\"oew-gallery-item\">\n\t\t\t\t\t<a class=\"oew-gallery-item-inner no-lightbox\" href=\"https:\/\/fmtarredamenti.it\/wp-content\/uploads\/2026\/02\/FMT-Arredamenti-staff11.jpg\" data-width=\"800\" data-height=\"600\" data-elementor-open-lightbox=\"no\">\n\t\t\t\t\t\t<div class=\"oew-gallery-thumbnail\">\n\t\t\t\t\t\t\t<img decoding=\"async\" src=\"https:\/\/fmtarredamenti.it\/wp-content\/uploads\/2026\/02\/FMT-Arredamenti-staff11-768x576.jpg\" alt=\"FMT Arredamenti staff11\">\n\t\t\t\t\t\t<\/div>\n\n\t\t\t\t\t\t\t\t\t\t\t\t\t<div class=\"oew-gallery-overlay oew-gallery-transition-fade\">\n\t\t\t\t\t\t\t\t\t\t\t\t\t\t\t\t\t<div class=\"oew-gallery-item-icon\">\n\t\t\t\t\t\t\t\t\t\t<i aria-hidden=\"true\" class=\"fas fa-search\"><\/i>\t\t\t\t\t\t\t\t\t<\/div>\n\t\t\t\t\t\t\t\t\t\t\t\t\t\t\t\t<\/div>\n\t\t\t\t\t\t\t\t\t\t\t\t<\/a>\n\t\t\t\t<\/div>\n\n\t\t\t\t\n\t\t\t\t<div class=\"oew-gallery-item\">\n\t\t\t\t\t<a class=\"oew-gallery-item-inner no-lightbox\" href=\"https:\/\/fmtarredamenti.it\/wp-content\/uploads\/2026\/02\/FMT-Arredamenti-staff8.jpg\" data-width=\"800\" data-height=\"600\" data-elementor-open-lightbox=\"no\">\n\t\t\t\t\t\t<div class=\"oew-gallery-thumbnail\">\n\t\t\t\t\t\t\t<img decoding=\"async\" src=\"https:\/\/fmtarredamenti.it\/wp-content\/uploads\/2026\/02\/FMT-Arredamenti-staff8-768x576.jpg\" alt=\"FMT Arredamenti staff8\">\n\t\t\t\t\t\t<\/div>\n\n\t\t\t\t\t\t\t\t\t\t\t\t\t<div class=\"oew-gallery-overlay oew-gallery-transition-fade\">\n\t\t\t\t\t\t\t\t\t\t\t\t\t\t\t\t\t<div class=\"oew-gallery-item-icon\">\n\t\t\t\t\t\t\t\t\t\t<i aria-hidden=\"true\" class=\"fas fa-search\"><\/i>\t\t\t\t\t\t\t\t\t<\/div>\n\t\t\t\t\t\t\t\t\t\t\t\t\t\t\t\t<\/div>\n\t\t\t\t\t\t\t\t\t\t\t\t<\/a>\n\t\t\t\t<\/div>\n\n\t\t\t\t\n\t\t\t\t<div class=\"oew-gallery-item\">\n\t\t\t\t\t<a class=\"oew-gallery-item-inner no-lightbox\" href=\"https:\/\/fmtarredamenti.it\/wp-content\/uploads\/2026\/02\/FMT-Arredamenti-staff10.jpg\" data-width=\"800\" data-height=\"600\" data-elementor-open-lightbox=\"no\">\n\t\t\t\t\t\t<div class=\"oew-gallery-thumbnail\">\n\t\t\t\t\t\t\t<img decoding=\"async\" src=\"https:\/\/fmtarredamenti.it\/wp-content\/uploads\/2026\/02\/FMT-Arredamenti-staff10-768x576.jpg\" alt=\"FMT Arredamenti staff10\">\n\t\t\t\t\t\t<\/div>\n\n\t\t\t\t\t\t\t\t\t\t\t\t\t<div class=\"oew-gallery-overlay oew-gallery-transition-fade\">\n\t\t\t\t\t\t\t\t\t\t\t\t\t\t\t\t\t<div class=\"oew-gallery-item-icon\">\n\t\t\t\t\t\t\t\t\t\t<i aria-hidden=\"true\" class=\"fas fa-search\"><\/i>\t\t\t\t\t\t\t\t\t<\/div>\n\t\t\t\t\t\t\t\t\t\t\t\t\t\t\t\t<\/div>\n\t\t\t\t\t\t\t\t\t\t\t\t<\/a>\n\t\t\t\t<\/div>\n\n\t\t\t\t\n\t\t\t\t<div class=\"oew-gallery-item\">\n\t\t\t\t\t<a class=\"oew-gallery-item-inner no-lightbox\" href=\"https:\/\/fmtarredamenti.it\/wp-content\/uploads\/2026\/02\/FMT-Arredamenti-staff5.jpg\" data-width=\"800\" data-height=\"600\" data-elementor-open-lightbox=\"no\">\n\t\t\t\t\t\t<div class=\"oew-gallery-thumbnail\">\n\t\t\t\t\t\t\t<img decoding=\"async\" src=\"https:\/\/fmtarredamenti.it\/wp-content\/uploads\/2026\/02\/FMT-Arredamenti-staff5-768x576.jpg\" alt=\"FMT Arredamenti staff5\">\n\t\t\t\t\t\t<\/div>\n\n\t\t\t\t\t\t\t\t\t\t\t\t\t<div class=\"oew-gallery-overlay oew-gallery-transition-fade\">\n\t\t\t\t\t\t\t\t\t\t\t\t\t\t\t\t\t<div class=\"oew-gallery-item-icon\">\n\t\t\t\t\t\t\t\t\t\t<i aria-hidden=\"true\" class=\"fas fa-search\"><\/i>\t\t\t\t\t\t\t\t\t<\/div>\n\t\t\t\t\t\t\t\t\t\t\t\t\t\t\t\t<\/div>\n\t\t\t\t\t\t\t\t\t\t\t\t<\/a>\n\t\t\t\t<\/div>\n\n\t\t\t\t\t\t<\/div>\n\n\t\t\t\t\t\t<\/div>\n\t\t\t\t<\/div>\n\t\t\t\t<\/div>\n\t\t\t\t<\/div>\n\t\t","protected":false},"excerpt":{"rendered":"<p>Chi siamo Chi siamo Artigiani del su misura Da oltre vent\u2019anni FMT Arredamenti realizza arredamenti artigianali su misura, unendo tradizione, esperienza e progettazione personalizzata. Ogni progetto nasce dall\u2019ascolto: dei tuoi spazi, delle tue esigenze, del tuo modo di vivere la casa. Lavoriamo legno massello e materiali selezionati, abbinandoli con cura per creare arredi solidi, funzionali [&hellip;]<\/p>\n","protected":false},"author":2,"featured_media":0,"parent":0,"menu_order":0,"comment_status":"closed","ping_status":"closed","template":"","meta":{"ocean_front_end_style_editor":"no","ocean_post_layout":"full-screen","ocean_both_sidebars_style":"","ocean_both_sidebars_content_width":0,"ocean_both_sidebars_sidebars_width":0,"ocean_sidebar":"0","ocean_second_sidebar":"0","ocean_disable_margins":"on","ocean_add_body_class":"","ocean_shortcode_before_top_bar":"","ocean_shortcode_after_top_bar":"","ocean_shortcode_before_header":"","ocean_shortcode_after_header":"","ocean_has_shortcode":"","ocean_shortcode_after_title":"","ocean_shortcode_before_footer_widgets":"","ocean_shortcode_after_footer_widgets":"","ocean_shortcode_before_footer_bottom":"","ocean_shortcode_after_footer_bottom":"","ocean_display_top_bar":"default","ocean_display_header":"default","ocean_header_style":"","ocean_center_header_left_menu":"0","ocean_custom_header_template":"0","ocean_custom_logo":0,"ocean_custom_retina_logo":0,"ocean_custom_logo_max_width":0,"ocean_custom_logo_tablet_max_width":0,"ocean_custom_logo_mobile_max_width":0,"ocean_custom_logo_max_height":0,"ocean_custom_logo_tablet_max_height":0,"ocean_custom_logo_mobile_max_height":0,"ocean_header_custom_menu":"0","ocean_menu_typo_font_family":"0","ocean_menu_typo_font_subset":"","ocean_menu_typo_font_size":0,"ocean_menu_typo_font_size_tablet":0,"ocean_menu_typo_font_size_mobile":0,"ocean_menu_typo_font_size_unit":"px","ocean_menu_typo_font_weight":"","ocean_menu_typo_font_weight_tablet":"","ocean_menu_typo_font_weight_mobile":"","ocean_menu_typo_transform":"","ocean_menu_typo_transform_tablet":"","ocean_menu_typo_transform_mobile":"","ocean_menu_typo_line_height":0,"ocean_menu_typo_line_height_tablet":0,"ocean_menu_typo_line_height_mobile":0,"ocean_menu_typo_line_height_unit":"","ocean_menu_typo_spacing":0,"ocean_menu_typo_spacing_tablet":0,"ocean_menu_typo_spacing_mobile":0,"ocean_menu_typo_spacing_unit":"","ocean_menu_link_color":"","ocean_menu_link_color_hover":"","ocean_menu_link_color_active":"","ocean_menu_link_background":"","ocean_menu_link_hover_background":"","ocean_menu_link_active_background":"","ocean_menu_social_links_bg":"","ocean_menu_social_hover_links_bg":"","ocean_menu_social_links_color":"","ocean_menu_social_hover_links_color":"","ocean_disable_title":"on","ocean_disable_heading":"default","ocean_post_title":"","ocean_post_subheading":"","ocean_post_title_style":"","ocean_post_title_background_color":"","ocean_post_title_background":0,"ocean_post_title_bg_image_position":"","ocean_post_title_bg_image_attachment":"","ocean_post_title_bg_image_repeat":"","ocean_post_title_bg_image_size":"","ocean_post_title_height":0,"ocean_post_title_bg_overlay":0.5,"ocean_post_title_bg_overlay_color":"","ocean_disable_breadcrumbs":"default","ocean_breadcrumbs_color":"","ocean_breadcrumbs_separator_color":"","ocean_breadcrumbs_links_color":"","ocean_breadcrumbs_links_hover_color":"","ocean_display_footer_widgets":"default","ocean_display_footer_bottom":"default","ocean_custom_footer_template":"0","osh_disable_topbar_sticky":"default","osh_disable_header_sticky":"default","osh_sticky_header_style":"default","osh_sticky_header_effect":"","osh_custom_sticky_logo":0,"osh_custom_retina_sticky_logo":0,"osh_custom_sticky_logo_height":0,"osh_background_color":"","osh_links_color":"","osh_links_hover_color":"","osh_links_active_color":"","osh_links_bg_color":"","osh_links_hover_bg_color":"","osh_links_active_bg_color":"","osh_menu_social_links_color":"","osh_menu_social_hover_links_color":"","footnotes":""},"class_list":["post-345","page","type-page","status-publish","hentry","entry"],"yoast_head":"<!-- This site is optimized with the Yoast SEO plugin v28.4 - https:\/\/yoast.com\/product\/yoast-seo-wordpress\/ -->\n<title>Chi Siamo - FMT Arredamenti<\/title>\n<meta name=\"description\" content=\"Arredamenti su misura artigianali a Sansepolcro. Cucine, mobili per interni, allestimento caravan e case mobili abitative.\" \/>\n<meta name=\"robots\" content=\"index, follow, max-snippet:-1, max-image-preview:large, max-video-preview:-1\" \/>\n<link rel=\"canonical\" href=\"https:\/\/fmtarredamenti.it\/index.php\/chi-siamo\/\" \/>\n<meta property=\"og:locale\" content=\"it_IT\" \/>\n<meta property=\"og:type\" content=\"article\" \/>\n<meta property=\"og:title\" content=\"Chi Siamo - FMT Arredamenti\" \/>\n<meta property=\"og:description\" content=\"Arredamenti su misura artigianali a Sansepolcro. Cucine, mobili per interni, allestimento caravan e case mobili abitative.\" \/>\n<meta property=\"og:url\" content=\"https:\/\/fmtarredamenti.it\/index.php\/chi-siamo\/\" \/>\n<meta property=\"og:site_name\" content=\"FMT Arredamenti\" \/>\n<meta property=\"article:publisher\" content=\"https:\/\/www.facebook.com\/fmtarredamenti\" \/>\n<meta property=\"article:modified_time\" content=\"2026-02-05T08:37:19+00:00\" \/>\n<meta property=\"og:image\" content=\"http:\/\/fmtarredamenti.it\/wp-content\/uploads\/2026\/02\/FMT-Arredamenti-staff1-768x576.jpg\" \/>\n<meta name=\"twitter:card\" content=\"summary_large_image\" \/>\n<meta name=\"twitter:label1\" content=\"Tempo di lettura stimato\" \/>\n\t<meta name=\"twitter:data1\" content=\"3 minuti\" \/>\n<script type=\"application\/ld+json\" class=\"yoast-schema-graph\">{\"@context\":\"https:\\\/\\\/schema.org\",\"@graph\":[{\"@type\":\"WebPage\",\"@id\":\"https:\\\/\\\/fmtarredamenti.it\\\/index.php\\\/chi-siamo\\\/\",\"url\":\"https:\\\/\\\/fmtarredamenti.it\\\/index.php\\\/chi-siamo\\\/\",\"name\":\"Chi Siamo - FMT Arredamenti\",\"isPartOf\":{\"@id\":\"https:\\\/\\\/fmtarredamenti.it\\\/#website\"},\"primaryImageOfPage\":{\"@id\":\"https:\\\/\\\/fmtarredamenti.it\\\/index.php\\\/chi-siamo\\\/#primaryimage\"},\"image\":{\"@id\":\"https:\\\/\\\/fmtarredamenti.it\\\/index.php\\\/chi-siamo\\\/#primaryimage\"},\"thumbnailUrl\":\"http:\\\/\\\/fmtarredamenti.it\\\/wp-content\\\/uploads\\\/2026\\\/02\\\/FMT-Arredamenti-staff1-768x576.jpg\",\"datePublished\":\"2022-04-27T20:59:14+00:00\",\"dateModified\":\"2026-02-05T08:37:19+00:00\",\"description\":\"Arredamenti su misura artigianali a Sansepolcro. Cucine, mobili per interni, allestimento caravan e case mobili abitative.\",\"breadcrumb\":{\"@id\":\"https:\\\/\\\/fmtarredamenti.it\\\/index.php\\\/chi-siamo\\\/#breadcrumb\"},\"inLanguage\":\"it-IT\",\"potentialAction\":[{\"@type\":\"ReadAction\",\"target\":[\"https:\\\/\\\/fmtarredamenti.it\\\/index.php\\\/chi-siamo\\\/\"]}]},{\"@type\":\"ImageObject\",\"inLanguage\":\"it-IT\",\"@id\":\"https:\\\/\\\/fmtarredamenti.it\\\/index.php\\\/chi-siamo\\\/#primaryimage\",\"url\":\"https:\\\/\\\/fmtarredamenti.it\\\/wp-content\\\/uploads\\\/2026\\\/02\\\/FMT-Arredamenti-staff1.jpg\",\"contentUrl\":\"https:\\\/\\\/fmtarredamenti.it\\\/wp-content\\\/uploads\\\/2026\\\/02\\\/FMT-Arredamenti-staff1.jpg\",\"width\":800,\"height\":600},{\"@type\":\"BreadcrumbList\",\"@id\":\"https:\\\/\\\/fmtarredamenti.it\\\/index.php\\\/chi-siamo\\\/#breadcrumb\",\"itemListElement\":[{\"@type\":\"ListItem\",\"position\":1,\"name\":\"Home\",\"item\":\"http:\\\/\\\/fmtarredamenti.it\\\/\"},{\"@type\":\"ListItem\",\"position\":2,\"name\":\"Chi Siamo\"}]},{\"@type\":\"WebSite\",\"@id\":\"https:\\\/\\\/fmtarredamenti.it\\\/#website\",\"url\":\"https:\\\/\\\/fmtarredamenti.it\\\/\",\"name\":\"FMT Arredamenti\",\"description\":\"FMT Arredamenti\",\"publisher\":{\"@id\":\"https:\\\/\\\/fmtarredamenti.it\\\/#organization\"},\"potentialAction\":[{\"@type\":\"SearchAction\",\"target\":{\"@type\":\"EntryPoint\",\"urlTemplate\":\"https:\\\/\\\/fmtarredamenti.it\\\/?s={search_term_string}\"},\"query-input\":{\"@type\":\"PropertyValueSpecification\",\"valueRequired\":true,\"valueName\":\"search_term_string\"}}],\"inLanguage\":\"it-IT\"},{\"@type\":\"Organization\",\"@id\":\"https:\\\/\\\/fmtarredamenti.it\\\/#organization\",\"name\":\"FMT Arredamenti\",\"url\":\"https:\\\/\\\/fmtarredamenti.it\\\/\",\"logo\":{\"@type\":\"ImageObject\",\"inLanguage\":\"it-IT\",\"@id\":\"https:\\\/\\\/fmtarredamenti.it\\\/#\\\/schema\\\/logo\\\/image\\\/\",\"url\":\"https:\\\/\\\/fmtarredamenti.it\\\/wp-content\\\/uploads\\\/2026\\\/01\\\/FMT-Arredamenti-logo.png\",\"contentUrl\":\"https:\\\/\\\/fmtarredamenti.it\\\/wp-content\\\/uploads\\\/2026\\\/01\\\/FMT-Arredamenti-logo.png\",\"width\":500,\"height\":190,\"caption\":\"FMT Arredamenti\"},\"image\":{\"@id\":\"https:\\\/\\\/fmtarredamenti.it\\\/#\\\/schema\\\/logo\\\/image\\\/\"},\"sameAs\":[\"https:\\\/\\\/www.facebook.com\\\/fmtarredamenti\",\"https:\\\/\\\/www.instagram.com\\\/fmtarredamenti\\\/\"]}]}<\/script>\n<!-- \/ Yoast SEO plugin. -->","yoast_head_json":{"title":"Chi Siamo - FMT Arredamenti","description":"Arredamenti su misura artigianali a Sansepolcro. Cucine, mobili per interni, allestimento caravan e case mobili abitative.","robots":{"index":"index","follow":"follow","max-snippet":"max-snippet:-1","max-image-preview":"max-image-preview:large","max-video-preview":"max-video-preview:-1"},"canonical":"https:\/\/fmtarredamenti.it\/index.php\/chi-siamo\/","og_locale":"it_IT","og_type":"article","og_title":"Chi Siamo - FMT Arredamenti","og_description":"Arredamenti su misura artigianali a Sansepolcro. Cucine, mobili per interni, allestimento caravan e case mobili abitative.","og_url":"https:\/\/fmtarredamenti.it\/index.php\/chi-siamo\/","og_site_name":"FMT Arredamenti","article_publisher":"https:\/\/www.facebook.com\/fmtarredamenti","article_modified_time":"2026-02-05T08:37:19+00:00","og_image":[{"url":"http:\/\/fmtarredamenti.it\/wp-content\/uploads\/2026\/02\/FMT-Arredamenti-staff1-768x576.jpg","type":"","width":"","height":""}],"twitter_card":"summary_large_image","twitter_misc":{"Tempo di lettura stimato":"3 minuti"},"schema":{"@context":"https:\/\/schema.org","@graph":[{"@type":"WebPage","@id":"https:\/\/fmtarredamenti.it\/index.php\/chi-siamo\/","url":"https:\/\/fmtarredamenti.it\/index.php\/chi-siamo\/","name":"Chi Siamo - FMT Arredamenti","isPartOf":{"@id":"https:\/\/fmtarredamenti.it\/#website"},"primaryImageOfPage":{"@id":"https:\/\/fmtarredamenti.it\/index.php\/chi-siamo\/#primaryimage"},"image":{"@id":"https:\/\/fmtarredamenti.it\/index.php\/chi-siamo\/#primaryimage"},"thumbnailUrl":"http:\/\/fmtarredamenti.it\/wp-content\/uploads\/2026\/02\/FMT-Arredamenti-staff1-768x576.jpg","datePublished":"2022-04-27T20:59:14+00:00","dateModified":"2026-02-05T08:37:19+00:00","description":"Arredamenti su misura artigianali a Sansepolcro. Cucine, mobili per interni, allestimento caravan e case mobili abitative.","breadcrumb":{"@id":"https:\/\/fmtarredamenti.it\/index.php\/chi-siamo\/#breadcrumb"},"inLanguage":"it-IT","potentialAction":[{"@type":"ReadAction","target":["https:\/\/fmtarredamenti.it\/index.php\/chi-siamo\/"]}]},{"@type":"ImageObject","inLanguage":"it-IT","@id":"https:\/\/fmtarredamenti.it\/index.php\/chi-siamo\/#primaryimage","url":"https:\/\/fmtarredamenti.it\/wp-content\/uploads\/2026\/02\/FMT-Arredamenti-staff1.jpg","contentUrl":"https:\/\/fmtarredamenti.it\/wp-content\/uploads\/2026\/02\/FMT-Arredamenti-staff1.jpg","width":800,"height":600},{"@type":"BreadcrumbList","@id":"https:\/\/fmtarredamenti.it\/index.php\/chi-siamo\/#breadcrumb","itemListElement":[{"@type":"ListItem","position":1,"name":"Home","item":"http:\/\/fmtarredamenti.it\/"},{"@type":"ListItem","position":2,"name":"Chi Siamo"}]},{"@type":"WebSite","@id":"https:\/\/fmtarredamenti.it\/#website","url":"https:\/\/fmtarredamenti.it\/","name":"FMT Arredamenti","description":"FMT Arredamenti","publisher":{"@id":"https:\/\/fmtarredamenti.it\/#organization"},"potentialAction":[{"@type":"SearchAction","target":{"@type":"EntryPoint","urlTemplate":"https:\/\/fmtarredamenti.it\/?s={search_term_string}"},"query-input":{"@type":"PropertyValueSpecification","valueRequired":true,"valueName":"search_term_string"}}],"inLanguage":"it-IT"},{"@type":"Organization","@id":"https:\/\/fmtarredamenti.it\/#organization","name":"FMT Arredamenti","url":"https:\/\/fmtarredamenti.it\/","logo":{"@type":"ImageObject","inLanguage":"it-IT","@id":"https:\/\/fmtarredamenti.it\/#\/schema\/logo\/image\/","url":"https:\/\/fmtarredamenti.it\/wp-content\/uploads\/2026\/01\/FMT-Arredamenti-logo.png","contentUrl":"https:\/\/fmtarredamenti.it\/wp-content\/uploads\/2026\/01\/FMT-Arredamenti-logo.png","width":500,"height":190,"caption":"FMT Arredamenti"},"image":{"@id":"https:\/\/fmtarredamenti.it\/#\/schema\/logo\/image\/"},"sameAs":["https:\/\/www.facebook.com\/fmtarredamenti","https:\/\/www.instagram.com\/fmtarredamenti\/"]}]}},"_links":{"self":[{"href":"https:\/\/fmtarredamenti.it\/index.php\/wp-json\/wp\/v2\/pages\/345","targetHints":{"allow":["GET"]}}],"collection":[{"href":"https:\/\/fmtarredamenti.it\/index.php\/wp-json\/wp\/v2\/pages"}],"about":[{"href":"https:\/\/fmtarredamenti.it\/index.php\/wp-json\/wp\/v2\/types\/page"}],"author":[{"embeddable":true,"href":"https:\/\/fmtarredamenti.it\/index.php\/wp-json\/wp\/v2\/users\/2"}],"replies":[{"embeddable":true,"href":"https:\/\/fmtarredamenti.it\/index.php\/wp-json\/wp\/v2\/comments?post=345"}],"version-history":[{"count":28,"href":"https:\/\/fmtarredamenti.it\/index.php\/wp-json\/wp\/v2\/pages\/345\/revisions"}],"predecessor-version":[{"id":925,"href":"https:\/\/fmtarredamenti.it\/index.php\/wp-json\/wp\/v2\/pages\/345\/revisions\/925"}],"wp:attachment":[{"href":"https:\/\/fmtarredamenti.it\/index.php\/wp-json\/wp\/v2\/media?parent=345"}],"curies":[{"name":"wp","href":"https:\/\/api.w.org\/{rel}","templated":true}]}}